{"id":2451,"date":"2024-12-12T15:55:26","date_gmt":"2024-12-12T14:55:26","guid":{"rendered":"https:\/\/bachanaliafantastyczne.pl\/?post_type=product&#038;p=2451"},"modified":"2024-12-12T16:15:44","modified_gmt":"2024-12-12T15:15:44","slug":"fantazje-zielonogorskie-iv","status":"publish","type":"product","link":"https:\/\/bachanaliafantastyczne.pl\/index.php\/produkt\/fantazje-zielonogorskie-iv\/","title":{"rendered":"Fantazje Zielonog\u00f3rskie IV"},"content":{"rendered":"<h3 class=\"wp-block-heading\">Tom IV<\/h3>\n<div class=\"wp-block-image\">\n<figure class=\"alignright size-full\"><img fetchpriority=\"high\" decoding=\"async\" class=\"wp-image-58\" src=\"https:\/\/fantazje.adastra.zgora.pl\/wp-content\/uploads\/2020\/04\/antologia_4.jpg\" sizes=\"(max-width: 243px) 100vw, 243px\" srcset=\"https:\/\/fantazje.adastra.zgora.pl\/wp-content\/uploads\/2020\/04\/antologia_4.jpg 243w, https:\/\/fantazje.adastra.zgora.pl\/wp-content\/uploads\/2020\/04\/antologia_4-208x300.jpg 208w\" alt=\"\" width=\"243\" height=\"350\"><\/figure>\n<\/div>\n<p>W roku 2014 odby\u0142a si\u0119 czwarta edycja konkursu, kt\u00f3rej efektem by\u0142 kolejny tom antologii. W jury zasiedli: Igor Myszkiewicz, Waldemar Gruszczy\u0144ski, Maciej Dobrowolski i Zbigniew Kulczycki. Redakcji tomu dokona\u0142 Maciej Dobrowolski, korekty Arlena A. \u0141obodzi\u0144ska, sk\u0142adu Mamert Janion, a ilustracje wykona\u0142 Igor Myszkiewicz.<\/p>\n<p>Zawarto\u015b\u0107 tomu:<\/p>\n<ul>\n<li>Dagmara Adwentowska \u201eTr\u00f3jn\u00f3g Diab\u0142a\u201d<\/li>\n<li>Anna Konstanty \u201eDzie\u0144 kobiet\u201d<\/li>\n<li>Aleksander Daukszewicz \u201eRechot\u201d<\/li>\n<li>Iwona Przybylska \u201eSed libera nos a malo\u201d<\/li>\n<li>Marek Palutkiewicz \u201ePrzeskok\u201d<\/li>\n<li>Micha\u0142 Organi\u015bciak \u201eBia\u0142y rycerz\u201d<\/li>\n<li>Krzysztof Nowecki \u201eStalowy \u017b\u00f3\u0142w\u201d<\/li>\n<li>Filip Kopij \u201eWydarzenia\u201d<\/li>\n<li>\u017baneta Siemsia \u201eZar\u0119czyny\u201d<\/li>\n<li>Alfred Siatecki \u201eAtak serca\u201d<\/li>\n<li>Tadeusz Kajak \u201e\u015awi\u0119to Z\u0142otego Wina\u201d<\/li>\n<li>Kamila Modrzy\u0144ska \u201eDziwka genera\u0142a\u201d<\/li>\n<\/ul>\n<p>Poza konkursem:<\/p>\n<ul>\n<li>Igor Myszkiewicz \u201ePionier\u201d<\/li>\n<li>Jacek Katos \u201eOpowie\u015b\u0107 Zoe\u201d<\/li>\n<li>Zbigniew Kulczycki \u201eDziewczyna ze skrzy\u017cowania\u201d<\/li>\n<\/ul>\n<p>Nagrod\u0119 Grand Prix zdoby\u0142o opowiadanie Dagmary Adwentowskiej \u201eTr\u00f3jnog Diab\u0142a\u201d, opowiadania \u201eDzie\u0144 kobiet\u201d Anny Konstanty i \u201eRechot\u201d Aleksandra Daukszewicza uhonorowane zosta\u0142y Nagrodami Kapitu\u0142y.<\/p>\n<p>Ksi\u0105\u017ck\u0119 wydano przy wsp\u00f3\u0142pracy Fabryki Reklamy IBI i Galerii Tw\u00f3rc\u00f3w Galera.<\/p>\n<p>Zrealizowano przy pomocy finansowej Miasta Zielona G\u00f3ra.<\/p>\n","protected":false},"excerpt":{"rendered":"<p>Tom IV W roku 2014 odby\u0142a si\u0119 czwarta edycja konkursu, kt\u00f3rej efektem by\u0142 kolejny tom antologii. W jury zasiedli: Igor Myszkiewicz, Waldemar Gruszczy\u0144ski, Maciej Dobrowolski i Zbigniew Kulczycki. Redakcji tomu dokona\u0142 Maciej Dobrowolski, korekty Arlena A. \u0141obodzi\u0144ska, sk\u0142adu Mamert Janion, a ilustracje wykona\u0142 Igor Myszkiewicz. Zawarto\u015b\u0107 tomu: Dagmara Adwentowska \u201eTr\u00f3jn\u00f3g Diab\u0142a\u201d Anna Konstanty \u201eDzie\u0144 kobiet\u201d Aleksander Daukszewicz \u201eRechot\u201d Iwona Przybylska \u201eSed libera nos a malo\u201d Marek Palutkiewicz \u201ePrzeskok\u201d Micha\u0142 Organi\u015bciak \u201eBia\u0142y rycerz\u201d Krzysztof Nowecki \u201eStalowy \u017b\u00f3\u0142w\u201d Filip Kopij \u201eWydarzenia\u201d \u017baneta Siemsia \u201eZar\u0119czyny\u201d Alfred Siatecki \u201eAtak serca\u201d Tadeusz Kajak \u201e\u015awi\u0119to Z\u0142otego Wina\u201d Kamila Modrzy\u0144ska \u201eDziwka genera\u0142a\u201d Poza konkursem: Igor Myszkiewicz \u201ePionier\u201d Jacek Katos \u201eOpowie\u015b\u0107 Zoe\u201d Zbigniew Kulczycki \u201eDziewczyna ze skrzy\u017cowania\u201d Nagrod\u0119 Grand Prix zdoby\u0142o opowiadanie Dagmary Adwentowskiej \u201eTr\u00f3jnog Diab\u0142a\u201d, opowiadania \u201eDzie\u0144 kobiet\u201d Anny Konstanty i \u201eRechot\u201d Aleksandra Daukszewicza uhonorowane zosta\u0142y Nagrodami Kapitu\u0142y. Ksi\u0105\u017ck\u0119 wydano przy wsp\u00f3\u0142pracy Fabryki Reklamy IBI i Galerii Tw\u00f3rc\u00f3w Galera. Zrealizowano przy pomocy finansowej Miasta Zielona G\u00f3ra.<\/p>\n","protected":false},"featured_media":2463,"template":"","meta":{"ngg_post_thumbnail":0},"product_brand":[],"product_cat":[35],"product_tag":[],"class_list":{"0":"post-2451","1":"product","2":"type-product","3":"status-publish","4":"has-post-thumbnail","6":"product_cat-antologie","8":"first","9":"instock","10":"shipping-taxable","11":"purchasable","12":"product-type-simple"},"_links":{"self":[{"href":"https:\/\/bachanaliafantastyczne.pl\/index.php\/wp-json\/wp\/v2\/product\/2451","targetHints":{"allow":["GET"]}}],"collection":[{"href":"https:\/\/bachanaliafantastyczne.pl\/index.php\/wp-json\/wp\/v2\/product"}],"about":[{"href":"https:\/\/bachanaliafantastyczne.pl\/index.php\/wp-json\/wp\/v2\/types\/product"}],"wp:featuredmedia":[{"embeddable":true,"href":"https:\/\/bachanaliafantastyczne.pl\/index.php\/wp-json\/wp\/v2\/media\/2463"}],"wp:attachment":[{"href":"https:\/\/bachanaliafantastyczne.pl\/index.php\/wp-json\/wp\/v2\/media?parent=2451"}],"wp:term":[{"taxonomy":"product_brand","embeddable":true,"href":"https:\/\/bachanaliafantastyczne.pl\/index.php\/wp-json\/wp\/v2\/product_brand?post=2451"},{"taxonomy":"product_cat","embeddable":true,"href":"https:\/\/bachanaliafantastyczne.pl\/index.php\/wp-json\/wp\/v2\/product_cat?post=2451"},{"taxonomy":"product_tag","embeddable":true,"href":"https:\/\/bachanaliafantastyczne.pl\/index.php\/wp-json\/wp\/v2\/product_tag?post=2451"}],"curies":[{"name":"wp","href":"https:\/\/api.w.org\/{rel}","templated":true}]}}