{"id":2441,"date":"2024-12-12T15:50:55","date_gmt":"2024-12-12T14:50:55","guid":{"rendered":"https:\/\/bachanaliafantastyczne.pl\/?post_type=product&#038;p=2441"},"modified":"2024-12-12T16:18:30","modified_gmt":"2024-12-12T15:18:30","slug":"fantazje-zielonogorskie-ix","status":"publish","type":"product","link":"https:\/\/bachanaliafantastyczne.pl\/index.php\/produkt\/fantazje-zielonogorskie-ix\/","title":{"rendered":"Fantazje Zielonog\u00f3rskie IX"},"content":{"rendered":"<h3 class=\"wp-block-heading\">Tom IX<\/h3>\n<div class=\"wp-block-image\">\n<figure class=\"alignright size-large is-resized\"><img fetchpriority=\"high\" decoding=\"async\" class=\"wp-image-69\" src=\"https:\/\/fantazje.adastra.zgora.pl\/wp-content\/uploads\/2020\/04\/91848723_3660892240619809_5668944238981677056_n-712x1024.jpg\" alt=\"\" width=\"712\" height=\"1024\"><\/figure>\n<\/div>\n<p>W roku 2019 odby\u0142a si\u0119 dziewi\u0105ta z kolei edycja konkursu, kt\u00f3rej efektem by\u0142 kolejny tom antologii. Tym razem w jury zasiedli: Igor Myszkiewicz, Waldemar Gruszczy\u0144ski, Maciej Dobrowolski, Jakub Kopieniak oraz Arkadiusz Soba\u0144ski. Redakcji tomu dokona\u0142 Maciej Dobrowolski, korekty Arlena A. \u0141obodzi\u0144ska, sk\u0142adu Mamert Janion, a ilustracje wykona\u0142 Igor Myszkiewicz.&nbsp;<\/p>\n<p>Zawarto\u015b\u0107 tomu:&nbsp;<\/p>\n<ul>\n<li>Wiktor Or\u0142owski \u201e\u015amier\u0107 w Mountain Green\u201d<\/li>\n<li>Katarzyna Hajok \u201eNa szcz\u0119\u015bcie zrobili\u015bmy wielki krok naprz\u00f3d\u201d<\/li>\n<li>Roland Hensoldt \u201eTkacz losu\u201d<\/li>\n<li>Dariusz S\u0142owik \u201eTrzynasty wydzia\u0142\u201d<\/li>\n<li>Kamila Szmigiel\u202f\u201eFid\u0142\u201d<\/li>\n<li>Dawid Czerwi\u0144ski \u201ePrzesz\u0142o\u015b\u0107 przede mn\u0105\u201d<\/li>\n<li>\u0141ukasz Wilkan \u201ePrawo pob\u0142a\u017cliwo\u015bci\u201d<\/li>\n<li>Katarzyna Szymonik \u201eUwierzy\u0107\u201d<\/li>\n<li>Micha\u0142 Kulus \u201eBajka w dresie\u201d\u202f&nbsp;<\/li>\n<li>Micha\u0142 Figo\u0144 \u201eKrwawe Odbicie\u201d&nbsp;<\/li>\n<\/ul>\n<p>Nagrod\u0119 Grand Prix zdoby\u0142o opowiadanie Wiktora Or\u0142owskiego \u2013 \u201e\u015amier\u0107 w Mountain Green\u201d. Natomiast opowiadanie \u201eNa szcz\u0119\u015bcie zrobili\u015bmy wielki krok naprz\u00f3d\u201d autorstwa Katarzyny Hajok, \u201eTkacz losu\u201d\u202fnades\u0142ane przez Rolanda Hensoldta oraz \u201eTrzynasty wydzia\u0142\u201d\u202fspod pi\u00f3ra Dariusza S\u0142owika uhonorowane zosta\u0142y Nagrodami Kapitu\u0142y.&nbsp;<\/p>\n<p>Ksi\u0105\u017ck\u0119 wydano przy wsp\u00f3\u0142pracy Fabryki Reklamy SANDMEDIA i Galerii Tw\u00f3rc\u00f3w Galera.&nbsp;<\/p>\n<p>Zrealizowano przy pomocy finansowej Miasta Zielona G\u00f3ra.<\/p>\n","protected":false},"excerpt":{"rendered":"<p>Tom IX W roku 2019 odby\u0142a si\u0119 dziewi\u0105ta z kolei edycja konkursu, kt\u00f3rej efektem by\u0142 kolejny tom antologii. Tym razem w jury zasiedli: Igor Myszkiewicz, Waldemar Gruszczy\u0144ski, Maciej Dobrowolski, Jakub Kopieniak oraz Arkadiusz Soba\u0144ski. Redakcji tomu dokona\u0142 Maciej Dobrowolski, korekty Arlena A. \u0141obodzi\u0144ska, sk\u0142adu Mamert Janion, a ilustracje wykona\u0142 Igor Myszkiewicz.&nbsp; Zawarto\u015b\u0107 tomu:&nbsp; Wiktor Or\u0142owski \u201e\u015amier\u0107 w Mountain Green\u201d Katarzyna Hajok \u201eNa szcz\u0119\u015bcie zrobili\u015bmy wielki krok naprz\u00f3d\u201d Roland Hensoldt \u201eTkacz losu\u201d Dariusz S\u0142owik \u201eTrzynasty wydzia\u0142\u201d Kamila Szmigiel\u202f\u201eFid\u0142\u201d Dawid Czerwi\u0144ski \u201ePrzesz\u0142o\u015b\u0107 przede mn\u0105\u201d \u0141ukasz Wilkan \u201ePrawo pob\u0142a\u017cliwo\u015bci\u201d Katarzyna Szymonik \u201eUwierzy\u0107\u201d Micha\u0142 Kulus \u201eBajka w dresie\u201d\u202f&nbsp; Micha\u0142 Figo\u0144 \u201eKrwawe Odbicie\u201d&nbsp; Nagrod\u0119 Grand Prix zdoby\u0142o opowiadanie Wiktora Or\u0142owskiego \u2013 \u201e\u015amier\u0107 w Mountain Green\u201d. Natomiast opowiadanie \u201eNa szcz\u0119\u015bcie zrobili\u015bmy wielki krok naprz\u00f3d\u201d autorstwa Katarzyny Hajok, \u201eTkacz losu\u201d\u202fnades\u0142ane przez Rolanda Hensoldta oraz \u201eTrzynasty wydzia\u0142\u201d\u202fspod pi\u00f3ra Dariusza S\u0142owika uhonorowane zosta\u0142y Nagrodami Kapitu\u0142y.&nbsp; Ksi\u0105\u017ck\u0119 wydano przy wsp\u00f3\u0142pracy Fabryki Reklamy SANDMEDIA i Galerii Tw\u00f3rc\u00f3w Galera.&nbsp; Zrealizowano przy pomocy finansowej Miasta Zielona G\u00f3ra.<\/p>\n","protected":false},"featured_media":2468,"template":"","meta":{"ngg_post_thumbnail":0},"product_brand":[],"product_cat":[35],"product_tag":[],"class_list":{"0":"post-2441","1":"product","2":"type-product","3":"status-publish","4":"has-post-thumbnail","6":"product_cat-antologie","8":"first","9":"instock","10":"shipping-taxable","11":"purchasable","12":"product-type-simple"},"_links":{"self":[{"href":"https:\/\/bachanaliafantastyczne.pl\/index.php\/wp-json\/wp\/v2\/product\/2441","targetHints":{"allow":["GET"]}}],"collection":[{"href":"https:\/\/bachanaliafantastyczne.pl\/index.php\/wp-json\/wp\/v2\/product"}],"about":[{"href":"https:\/\/bachanaliafantastyczne.pl\/index.php\/wp-json\/wp\/v2\/types\/product"}],"wp:featuredmedia":[{"embeddable":true,"href":"https:\/\/bachanaliafantastyczne.pl\/index.php\/wp-json\/wp\/v2\/media\/2468"}],"wp:attachment":[{"href":"https:\/\/bachanaliafantastyczne.pl\/index.php\/wp-json\/wp\/v2\/media?parent=2441"}],"wp:term":[{"taxonomy":"product_brand","embeddable":true,"href":"https:\/\/bachanaliafantastyczne.pl\/index.php\/wp-json\/wp\/v2\/product_brand?post=2441"},{"taxonomy":"product_cat","embeddable":true,"href":"https:\/\/bachanaliafantastyczne.pl\/index.php\/wp-json\/wp\/v2\/product_cat?post=2441"},{"taxonomy":"product_tag","embeddable":true,"href":"https:\/\/bachanaliafantastyczne.pl\/index.php\/wp-json\/wp\/v2\/product_tag?post=2441"}],"curies":[{"name":"wp","href":"https:\/\/api.w.org\/{rel}","templated":true}]}}